{"id":5,"date":"2021-09-02T15:16:20","date_gmt":"2021-09-02T13:16:20","guid":{"rendered":"http:\/\/192.168.0.227\/ul\/?page_id=5"},"modified":"2026-09-04T10:06:10","modified_gmt":"2026-09-04T08:06:10","slug":"creez-votre-site-avec-des-blocs","status":"publish","type":"page","link":"https:\/\/unitelaique.org\/","title":{"rendered":"Unit\u00e9 La\u00efque"},"content":{"rendered":"<div class=\"wp-block-image\">\n<figure class=\"aligncenter size-large is-resized\"><a href=\"https:\/\/adherents.unitelaique.org\/\"><img loading=\"lazy\" decoding=\"async\" width=\"1024\" height=\"1024\" src=\"https:\/\/unitelaique.org\/wp-content\/uploads\/2026\/03\/logo-site-adherentsfinal-1024x1024.png\" alt=\"\" class=\"wp-image-9992\" style=\"width:104px;height:auto\" srcset=\"https:\/\/unitelaique.org\/wp-content\/uploads\/2026\/03\/logo-site-adherentsfinal-1024x1024.png 1024w, https:\/\/unitelaique.org\/wp-content\/uploads\/2026\/03\/logo-site-adherentsfinal-300x300.png 300w, https:\/\/unitelaique.org\/wp-content\/uploads\/2026\/03\/logo-site-adherentsfinal-150x150.png 150w, https:\/\/unitelaique.org\/wp-content\/uploads\/2026\/03\/logo-site-adherentsfinal-768x768.png 768w, https:\/\/unitelaique.org\/wp-content\/uploads\/2026\/03\/logo-site-adherentsfinal-24x24.png 24w, https:\/\/unitelaique.org\/wp-content\/uploads\/2026\/03\/logo-site-adherentsfinal-36x36.png 36w, https:\/\/unitelaique.org\/wp-content\/uploads\/2026\/03\/logo-site-adherentsfinal-48x48.png 48w, https:\/\/unitelaique.org\/wp-content\/uploads\/2026\/03\/logo-site-adherentsfinal.png 1231w\" sizes=\"auto, (max-width: 1024px) 100vw, 1024px\" \/><\/a><\/figure>\n<\/div>\n\n\n<div class=\"wp-block-columns is-layout-flex wp-container-core-columns-is-layout-9d6595d7 wp-block-columns-is-layout-flex\">\n<div class=\"wp-block-column has-background is-layout-flow wp-block-column-is-layout-flow\" style=\"background-color:#e3e5e9\">\n<p class=\"has-text-align-center has-text-color has-link-color has-large-font-size wp-elements-dc02bdf5f91fbb9b57cabc8febb991b4\" style=\"color:#1d558c\"><strong>Les prochains rendez-vous Unit\u00e9 La\u00efque<\/strong><\/p>\n\n\n\n<div class=\"wp-block-columns is-layout-flex wp-container-core-columns-is-layout-9d6595d7 wp-block-columns-is-layout-flex\">\n<div class=\"wp-block-column is-layout-flow wp-block-column-is-layout-flow\">\n<p class=\"has-text-align-center\" style=\"font-size:22px\"><strong><a href=\"https:\/\/unitelaique.org\/index.php\/2026\/06\/24\/faire-lhistoire-de-la-republique-faire-de-lhistoire-en-republique\/\" data-type=\"link\" data-id=\"https:\/\/unitelaique.org\/index.php\/2026\/06\/24\/faire-lhistoire-de-la-republique-faire-de-lhistoire-en-republique\/\">Faire l\u2019Histoire de la R\u00e9publique &#8211; <\/a><\/strong><br><strong><a href=\"https:\/\/unitelaique.org\/index.php\/2026\/06\/24\/faire-lhistoire-de-la-republique-faire-de-lhistoire-en-republique\/\" data-type=\"link\" data-id=\"https:\/\/unitelaique.org\/index.php\/2026\/06\/24\/faire-lhistoire-de-la-republique-faire-de-lhistoire-en-republique\/\">Faire de l\u2019Histoire en R\u00e9publique<\/a><\/strong><\/p>\n\n\n<div class=\"wp-block-image\">\n<figure class=\"aligncenter size-full is-resized\"><img loading=\"lazy\" decoding=\"async\" width=\"800\" height=\"1132\" src=\"https:\/\/unitelaique.org\/wp-content\/uploads\/2026\/06\/20250805_test-affiche-valence2026_V13.png\" alt=\"\" class=\"wp-image-10506\" style=\"aspect-ratio:0.7067016143631885;object-fit:cover;width:270px\"\/><\/figure>\n<\/div>\n\n\n<div style=\"height:30px\" aria-hidden=\"true\" class=\"wp-block-spacer\"><\/div>\n\n\n<div class=\"wp-block-image\">\n<figure class=\"aligncenter size-full is-resized\"><a href=\"https:\/\/unitelaique.org\/index.php\/2026\/06\/24\/faire-lhistoire-de-la-republique-faire-de-lhistoire-en-republique\/\"><img loading=\"lazy\" decoding=\"async\" width=\"526\" height=\"102\" src=\"https:\/\/unitelaique.org\/wp-content\/uploads\/2026\/07\/PLUS-DINFOS.jpg\" alt=\"\" class=\"wp-image-10218\" style=\"aspect-ratio:5.156837970260439;width:183px;height:auto\"\/><\/a><\/figure>\n<\/div><\/div>\n\n\n\n<div class=\"wp-block-column is-layout-flow wp-block-column-is-layout-flow\">\n<p class=\"has-text-align-center\" style=\"font-size:22px\"><strong><a href=\"https:\/\/unitelaique.org\/index.php\/2026\/07\/20\/unite-laique-au-forum-des-associations-de-valence\/\" data-type=\"link\" data-id=\"https:\/\/unitelaique.org\/index.php\/2026\/07\/20\/unite-laique-au-forum-des-associations-de-valence\/\">Unit\u00e9 La\u00efque <\/a><\/strong><br><strong><a href=\"https:\/\/unitelaique.org\/index.php\/2026\/07\/20\/unite-laique-au-forum-des-associations-de-valence\/\" data-type=\"link\" data-id=\"https:\/\/unitelaique.org\/index.php\/2026\/07\/20\/unite-laique-au-forum-des-associations-de-valence\/\">au Forum <\/a><\/strong><br><strong><a href=\"https:\/\/unitelaique.org\/index.php\/2026\/07\/20\/unite-laique-au-forum-des-associations-de-valence\/\" data-type=\"link\" data-id=\"https:\/\/unitelaique.org\/index.php\/2026\/07\/20\/unite-laique-au-forum-des-associations-de-valence\/\">des associations <\/a><\/strong><br><strong><a href=\"https:\/\/unitelaique.org\/index.php\/2026\/07\/20\/unite-laique-au-forum-des-associations-de-valence\/\" data-type=\"link\" data-id=\"https:\/\/unitelaique.org\/index.php\/2026\/07\/20\/unite-laique-au-forum-des-associations-de-valence\/\">de Valence<\/a><\/strong><\/p>\n\n\n<div class=\"wp-block-image\">\n<figure class=\"aligncenter size-full is-resized\"><a href=\"https:\/\/unitelaique.org\/index.php\/2026\/07\/20\/unite-laique-au-forum-des-associations-de-valence\/\"><img loading=\"lazy\" decoding=\"async\" width=\"600\" height=\"826\" src=\"https:\/\/unitelaique.org\/wp-content\/uploads\/2026\/07\/forum-asso-valence-x-UL.png\" alt=\"\" class=\"wp-image-10269\" style=\"aspect-ratio:0.7067207845461375;object-fit:cover;width:270px\"\/><\/a><\/figure>\n<\/div>\n\n\n<div style=\"height:30px\" aria-hidden=\"true\" class=\"wp-block-spacer\"><\/div>\n\n\n<div class=\"wp-block-image\">\n<figure class=\"aligncenter size-full is-resized\"><a href=\"https:\/\/unitelaique.org\/index.php\/2026\/07\/20\/unite-laique-au-forum-des-associations-de-valence\/\"><img loading=\"lazy\" decoding=\"async\" width=\"526\" height=\"102\" src=\"https:\/\/unitelaique.org\/wp-content\/uploads\/2026\/07\/PLUS-DINFOS.jpg\" alt=\"\" class=\"wp-image-10218\" style=\"width:183px\"\/><\/a><\/figure>\n<\/div><\/div>\n\n\n\n<div class=\"wp-block-column is-layout-flow wp-block-column-is-layout-flow\">\n<p class=\"has-text-align-center has-text-color has-link-color wp-elements-061fd8a8f8517d73c299acf417cfbffb\" style=\"color:#cc3d7d;font-size:22px\"><strong>Comm\u00e9moration du 6\u00e8me anniversaire de l&rsquo;assassinat de Samuel Paty<\/strong><\/p>\n\n\n<div class=\"wp-block-image\">\n<figure class=\"aligncenter size-full is-resized\"><img loading=\"lazy\" decoding=\"async\" width=\"720\" height=\"900\" src=\"https:\/\/unitelaique.org\/wp-content\/uploads\/2026\/07\/l-abandon.jpeg\" alt=\"\" class=\"wp-image-10219\" style=\"width:270px\"\/><\/figure>\n<\/div>\n\n\n<div style=\"height:30px\" aria-hidden=\"true\" class=\"wp-block-spacer\"><\/div>\n\n\n\n<p class=\"has-text-align-center\" style=\"font-size:18px\"><strong>Soir\u00e9e cin\u00e9-d\u00e9bat autours du film \u00ab\u00a0L&rsquo;abandon\u00a0\u00bb en pr\u00e9sence de Micka\u00eblle Paty.<\/strong><\/p>\n\n\n\n<p class=\"has-text-align-center has-medium-font-size\"><strong>Jeudi 15 octobre 2026, Paris<\/strong><\/p>\n<\/div>\n\n\n\n<div class=\"wp-block-column is-layout-flow wp-block-column-is-layout-flow\">\n<p class=\"has-text-align-center\" style=\"font-size:22px\"><strong><a href=\"https:\/\/unitelaique.org\/index.php\/2026\/06\/30\/que-vive-le-chevalier-de-la-barre-260-ans-apres-son-execution\/\" data-type=\"link\" data-id=\"https:\/\/unitelaique.org\/index.php\/2026\/06\/30\/que-vive-le-chevalier-de-la-barre-260-ans-apres-son-execution\/\">Que vive le Chevalier de La Barre ! <\/a><\/strong><br><strong><a href=\"https:\/\/unitelaique.org\/index.php\/2026\/06\/30\/que-vive-le-chevalier-de-la-barre-260-ans-apres-son-execution\/\" data-type=\"link\" data-id=\"https:\/\/unitelaique.org\/index.php\/2026\/06\/30\/que-vive-le-chevalier-de-la-barre-260-ans-apres-son-execution\/\">260 ans apr\u00e8s son ex\u00e9cution<\/a><\/strong><\/p>\n\n\n<div class=\"wp-block-image\">\n<figure class=\"aligncenter size-full is-resized\"><a href=\"https:\/\/unitelaique.org\/index.php\/2026\/06\/30\/que-vive-le-chevalier-de-la-barre-260-ans-apres-son-execution\/\"><img loading=\"lazy\" decoding=\"async\" width=\"600\" height=\"849\" src=\"https:\/\/unitelaique.org\/wp-content\/uploads\/2026\/06\/20260629_test-affiche-que-vive-le-chevalier-de-la-barre_V11_YMLP.jpg\" alt=\"\" class=\"wp-image-10204\" style=\"aspect-ratio:0.7067207845461375;object-fit:cover;width:270px\"\/><\/a><\/figure>\n<\/div>\n\n\n<div style=\"height:30px\" aria-hidden=\"true\" class=\"wp-block-spacer\"><\/div>\n\n\n<div class=\"wp-block-image\">\n<figure class=\"aligncenter size-full is-resized\"><a href=\"https:\/\/unitelaique.org\/index.php\/2026\/06\/30\/que-vive-le-chevalier-de-la-barre-260-ans-apres-son-execution\/\"><img loading=\"lazy\" decoding=\"async\" width=\"526\" height=\"102\" src=\"https:\/\/unitelaique.org\/wp-content\/uploads\/2026\/07\/PLUS-DINFOS.jpg\" alt=\"\" class=\"wp-image-10218\" style=\"width:183px\"\/><\/a><\/figure>\n<\/div><\/div>\n<\/div>\n<\/div>\n<\/div>\n\n\n\n<div class=\"wp-block-columns is-layout-flex wp-container-core-columns-is-layout-9d6595d7 wp-block-columns-is-layout-flex\">\n<div class=\"wp-block-column has-background is-layout-flow wp-block-column-is-layout-flow\" style=\"background-color:#1d558c\">\n<figure class=\"wp-block-image size-large\"><img loading=\"lazy\" decoding=\"async\" width=\"1024\" height=\"102\" src=\"https:\/\/unitelaique.org\/wp-content\/uploads\/2026\/04\/cropped-en-tte-anniversaire-5-scaled-1-1024x102.png\" alt=\"\" class=\"wp-image-10081\" srcset=\"https:\/\/unitelaique.org\/wp-content\/uploads\/2026\/04\/cropped-en-tte-anniversaire-5-scaled-1-1024x102.png 1024w, https:\/\/unitelaique.org\/wp-content\/uploads\/2026\/04\/cropped-en-tte-anniversaire-5-scaled-1-300x30.png 300w, https:\/\/unitelaique.org\/wp-content\/uploads\/2026\/04\/cropped-en-tte-anniversaire-5-scaled-1-768x76.png 768w, https:\/\/unitelaique.org\/wp-content\/uploads\/2026\/04\/cropped-en-tte-anniversaire-5-scaled-1-1536x153.png 1536w, https:\/\/unitelaique.org\/wp-content\/uploads\/2026\/04\/cropped-en-tte-anniversaire-5-scaled-1-24x2.png 24w, https:\/\/unitelaique.org\/wp-content\/uploads\/2026\/04\/cropped-en-tte-anniversaire-5-scaled-1-36x4.png 36w, https:\/\/unitelaique.org\/wp-content\/uploads\/2026\/04\/cropped-en-tte-anniversaire-5-scaled-1-48x5.png 48w, https:\/\/unitelaique.org\/wp-content\/uploads\/2026\/04\/cropped-en-tte-anniversaire-5-scaled-1.png 2000w\" sizes=\"auto, (max-width: 1024px) 100vw, 1024px\" \/><\/figure>\n\n\n\n<div style=\"height:51px\" aria-hidden=\"true\" class=\"wp-block-spacer\"><\/div>\n\n\n<div class=\"wp-block-image\">\n<figure class=\"aligncenter size-large\"><img loading=\"lazy\" decoding=\"async\" width=\"1024\" height=\"102\" src=\"https:\/\/unitelaique.org\/wp-content\/uploads\/2026\/04\/5-ans-de-rencontres-et-actions-1024x102.png\" alt=\"\" class=\"wp-image-10093\" style=\"aspect-ratio:10.039840942621145\" srcset=\"https:\/\/unitelaique.org\/wp-content\/uploads\/2026\/04\/5-ans-de-rencontres-et-actions-1024x102.png 1024w, https:\/\/unitelaique.org\/wp-content\/uploads\/2026\/04\/5-ans-de-rencontres-et-actions-300x30.png 300w, https:\/\/unitelaique.org\/wp-content\/uploads\/2026\/04\/5-ans-de-rencontres-et-actions-768x77.png 768w, https:\/\/unitelaique.org\/wp-content\/uploads\/2026\/04\/5-ans-de-rencontres-et-actions-1536x153.png 1536w, https:\/\/unitelaique.org\/wp-content\/uploads\/2026\/04\/5-ans-de-rencontres-et-actions-2048x205.png 2048w, https:\/\/unitelaique.org\/wp-content\/uploads\/2026\/04\/5-ans-de-rencontres-et-actions-24x2.png 24w, https:\/\/unitelaique.org\/wp-content\/uploads\/2026\/04\/5-ans-de-rencontres-et-actions-36x4.png 36w, https:\/\/unitelaique.org\/wp-content\/uploads\/2026\/04\/5-ans-de-rencontres-et-actions-48x5.png 48w\" sizes=\"auto, (max-width: 1024px) 100vw, 1024px\" \/><\/figure>\n<\/div>\n\n\n<div class=\"wp-block-columns is-layout-flex wp-container-core-columns-is-layout-9d6595d7 wp-block-columns-is-layout-flex\">\n<div class=\"wp-block-column is-layout-flow wp-block-column-is-layout-flow\"><div class=\"wp-block-image\">\n<figure class=\"alignright size-large\"><img loading=\"lazy\" decoding=\"async\" width=\"526\" height=\"1024\" src=\"https:\/\/unitelaique.org\/wp-content\/uploads\/2026\/04\/mosaique-1-526x1024.png\" alt=\"\" class=\"wp-image-10085\" srcset=\"https:\/\/unitelaique.org\/wp-content\/uploads\/2026\/04\/mosaique-1-526x1024.png 526w, https:\/\/unitelaique.org\/wp-content\/uploads\/2026\/04\/mosaique-1-154x300.png 154w, https:\/\/unitelaique.org\/wp-content\/uploads\/2026\/04\/mosaique-1-768x1495.png 768w, https:\/\/unitelaique.org\/wp-content\/uploads\/2026\/04\/mosaique-1-789x1536.png 789w, https:\/\/unitelaique.org\/wp-content\/uploads\/2026\/04\/mosaique-1-1052x2048.png 1052w, https:\/\/unitelaique.org\/wp-content\/uploads\/2026\/04\/mosaique-1-12x24.png 12w, https:\/\/unitelaique.org\/wp-content\/uploads\/2026\/04\/mosaique-1-18x36.png 18w, https:\/\/unitelaique.org\/wp-content\/uploads\/2026\/04\/mosaique-1-25x48.png 25w, https:\/\/unitelaique.org\/wp-content\/uploads\/2026\/04\/mosaique-1-scaled.png 1315w\" sizes=\"auto, (max-width: 526px) 100vw, 526px\" \/><\/figure>\n<\/div><\/div>\n\n\n\n<div class=\"wp-block-column is-layout-flow wp-block-column-is-layout-flow\">\n<div class=\"wp-block-columns is-layout-flex wp-container-core-columns-is-layout-9d6595d7 wp-block-columns-is-layout-flex\">\n<div class=\"wp-block-column is-layout-flow wp-block-column-is-layout-flow\">\n<p class=\"has-text-align-left has-white-color has-text-color has-link-color wp-elements-1ad4c98eea2cd79dfdb5e21b305a47ef\" style=\"font-size:15px\"><br>Chers membres d\u2019Unit\u00e9 La\u00efque, chers sympathisants, chers amis,<\/p>\n\n\n\n<p class=\"has-text-align-left has-white-color has-text-color has-link-color wp-elements-c13b5c2b0f4d687f6ee1abf1b7e27092\" style=\"font-size:15px\">Ce 14 avril 2026, notre association a cinq ans&nbsp;!<\/p>\n\n\n\n<p class=\"has-text-align-left has-white-color has-text-color has-link-color wp-elements-92d58b040539403770ed2aa8580fd210\" style=\"font-size:15px\">Que de chemin parcouru, que d\u2019initiatives men\u00e9es \u00e0 bien, de colloques, <br>de caf\u00e9s la\u00efques, de conf\u00e9rences, de r\u00e9unions publiques, de communiqu\u00e9s, <br>d\u2019articles et de tribunes dans la presse nationale et r\u00e9gionale&nbsp;!<\/p>\n\n\n\n<p class=\"has-text-align-left has-white-color has-text-color has-link-color wp-elements-2264933c106defdfa29917ea88872615\" style=\"font-size:15px\">En cinq ans, Unit\u00e9 La\u00efque est devenu l\u2019un des acteurs incontournables <br>du combat la\u00efque et r\u00e9publicain.&nbsp; Notre premier pari est ainsi gagn\u00e9. <br>Des rues Samuel Paty que nous avons fait nommer dans tant de villes, <br>des plus petites aux plus grandes, \u00e0 l\u2019entr\u00e9e de Missak Manouchian accompagn\u00e9 <br>de son \u00e9pouse M\u00e9lin\u00e9e au Panth\u00e9on, de la m\u00e9morable soir\u00e9e \u00ab&nbsp;Libert\u00e9, libert\u00e9 ch\u00e9rie&nbsp;\u00bb pour f\u00eater les 120 ans de la loi de 1905 au Prix des Hussards noirs, <br>notre action est visible dans les rues de nos communes et dans le lieu <br>de m\u00e9moire le plus solennel de la R\u00e9publique, sur les r\u00e9seaux sociaux comme <br>dans les m\u00e9dias traditionnels.<\/p>\n\n\n\n<p class=\"has-text-align-left has-white-color has-text-color has-link-color wp-elements-ccf3a7f4bb2e31d829b0f91aebf39667\" style=\"font-size:15px\">Unit\u00e9 La\u00efque est cr\u00e9dible, l\u00e9gitime et influente. Il est temps que nous <br>transformions notre association en un grand mouvement populaire, qui par <br>le nombre de ses adh\u00e9rents, saura en quelques ann\u00e9es peser sur les d\u00e9cisions <br>publiques en mati\u00e8re de libert\u00e9 de conscience, de la\u00efcit\u00e9 et d\u2019\u00e9mancipation.<\/p>\n\n\n\n<p class=\"has-text-align-left has-white-color has-text-color has-link-color wp-elements-75f69fd55eabb1213162f979453cf9c4\" style=\"font-size:15px\">Pour ce faire, nous vous proposons un d\u00e9fi&nbsp;: chaque adh\u00e9rent, chaque ann\u00e9e, <br>doit convaincre une personne de nous rejoindre&nbsp;! <br>C\u2019est peu mais c\u2019est \u00e9norme et d\u00e9cisif. C\u2019est ainsi que nous construirons <br>notre force et que nous aurons les moyens financiers d\u2019une action dynamique et ininterrompue&nbsp;!<\/p>\n\n\n\n<p class=\"has-text-align-left has-white-color has-text-color has-link-color wp-elements-57f6ec4b3d22b7b0e963ebc197e96f89\" style=\"font-size:15px\">Regardez ce que nous avons fait ensemble depuis cinq ans&nbsp;! <br>Imaginez ce que nous allons faire ensemble dans les cinq ann\u00e9es \u00e0 venir&nbsp;!<\/p>\n\n\n\n<p class=\"has-text-align-left has-white-color has-text-color has-link-color wp-elements-aa418f78823e421d7911f0ef109829f1\" style=\"font-size:15px\">Vive la la\u00efcit\u00e9, vive la R\u00e9publique, vive Unit\u00e9 La\u00efque&nbsp;!<br><br>Jean-Pierre Sakoun,<br>Pr\u00e9sident d&rsquo;Unit\u00e9 La\u00efque<\/p>\n\n\n\n<p class=\"has-text-align-center has-white-color has-text-color has-link-color wp-elements-a4573ea8c905c4fc4b8b86577cf9dfe7\"><strong>RE-D<strong>\u00c9<\/strong>COUVREZ NOS <strong>\u00c9<\/strong>V<strong>\u00c9<\/strong>NEMENTS :<\/strong><br><strong><a href=\"https:\/\/unitelaique.org\/index.php\/2022\/09\/24\/rencontres-dautomne-dunite-laique-raul2022\/?utm_medium=email&amp;utm_campaign=Actu+%2317+-+Unit%C3%A9+La%C3%AFque+a+5+ans+%21&amp;utm_source=YMLP\">LES RENCONTRES D\u2019AUTOMNE D\u2019UNIT\u00c9 LA\u00cfQUE, Automne 2022<\/a><br><a href=\"https:\/\/manouchian-au-pantheon.org\/?utm_medium=email&amp;utm_campaign=Actu%20%2317%20-%20Unit%C3%A9%20La%C3%AFque%20a%205%20ans%20%21&amp;utm_source=YMLP\">MANOUCHIAN AU PANTH\u00c9ON, 2022\/2024<\/a><br><a href=\"https:\/\/unitelaique.org\/index.php\/honorer-samuel-paty\/?utm_medium=email&amp;utm_campaign=Actu+%2317+-+Unit%C3%A9+La%C3%AFque+a+5+ans+%21&amp;utm_source=YMLP\">HONORER SAMUEL PATY, HONORER LA R\u00c9PUBLIQUE, 2024<\/a><br><a href=\"https:\/\/unitelaique.org\/index.php\/2025\/05\/13\/hommage-a-charlie-valence-le-bilan\/?utm_medium=email&amp;utm_campaign=Actu+%2317+-+Unit%C3%A9+La%C3%AFque+a+5+ans+%21&amp;utm_source=YMLP\">HOMMAGE A CHARLIE, 2025<\/a><br><a href=\"https:\/\/unitelaique.org\/index.php\/category\/actualite\/120-ans-de-la-loi-de-1905\/120-ans-demancipation-valence\/?utm_medium=email&amp;utm_campaign=Actu+%2317+-+Unit%C3%A9+La%C3%AFque+a+5+ans+%21&amp;utm_source=YMLP\">120 ANS D\u2019\u00c9MANCIPATION, VALENCE, Automne 2025<\/a><br><a href=\"https:\/\/unitelaique.org\/index.php\/category\/actualite\/120-ans-de-la-loi-de-1905\/liberte-liberte-cherie\/?utm_medium=email&amp;utm_campaign=Actu+%2317+-+Unit%C3%A9+La%C3%AFque+a+5+ans+%21&amp;utm_source=YMLP\">LIBERT\u00c9, LIBERT\u00c9 CH\u00c9RIE, PARIS, Hiver 2025<\/a><br><a href=\"https:\/\/unitelaique.org\/index.php\/2026\/01\/12\/liberte-liberte-cherie-i-prix-des-hussards-noirs-2025\/?utm_medium=email&amp;utm_campaign=Actu+%2317+-+Unit%C3%A9+La%C3%AFque+a+5+ans+%21&amp;utm_source=YMLP\">PRIX DES HUSSARDS NOIRS, Hiver 2025<\/a><\/strong><\/p>\n<\/div>\n<\/div>\n<\/div>\n<\/div>\n\n\n<div class=\"wp-block-image\">\n<figure class=\"aligncenter size-large is-resized\"><img loading=\"lazy\" decoding=\"async\" width=\"1024\" height=\"820\" src=\"https:\/\/unitelaique.org\/wp-content\/uploads\/2026\/04\/chiffres-1-1024x820.png\" alt=\"\" class=\"wp-image-10092\" style=\"aspect-ratio:1.248792045658088;width:614px;height:auto\" srcset=\"https:\/\/unitelaique.org\/wp-content\/uploads\/2026\/04\/chiffres-1-1024x820.png 1024w, https:\/\/unitelaique.org\/wp-content\/uploads\/2026\/04\/chiffres-1-300x240.png 300w, https:\/\/unitelaique.org\/wp-content\/uploads\/2026\/04\/chiffres-1-768x615.png 768w, https:\/\/unitelaique.org\/wp-content\/uploads\/2026\/04\/chiffres-1-1536x1230.png 1536w, https:\/\/unitelaique.org\/wp-content\/uploads\/2026\/04\/chiffres-1-2048x1641.png 2048w, https:\/\/unitelaique.org\/wp-content\/uploads\/2026\/04\/chiffres-1-24x19.png 24w, https:\/\/unitelaique.org\/wp-content\/uploads\/2026\/04\/chiffres-1-36x29.png 36w, https:\/\/unitelaique.org\/wp-content\/uploads\/2026\/04\/chiffres-1-48x38.png 48w\" sizes=\"auto, (max-width: 1024px) 100vw, 1024px\" \/><\/figure>\n<\/div><\/div>\n<\/div>\n\n\n\n<div class=\"wp-block-columns is-layout-flex wp-container-core-columns-is-layout-9d6595d7 wp-block-columns-is-layout-flex\">\n<div class=\"wp-block-column is-layout-flow wp-block-column-is-layout-flow\">\n<p class=\"has-text-align-center has-large-font-size\"><strong>La s\u00e9lection de livres d&rsquo;Unit\u00e9 La\u00efque<\/strong> :<\/p>\n<\/div>\n<\/div>\n\n\n\n<div class=\"wp-block-columns is-layout-flex wp-container-core-columns-is-layout-9d6595d7 wp-block-columns-is-layout-flex\">\n<div class=\"wp-block-column is-layout-flow wp-block-column-is-layout-flow\">\n<div class=\"wp-block-columns is-layout-flex wp-container-core-columns-is-layout-9d6595d7 wp-block-columns-is-layout-flex\">\n<div class=\"wp-block-column is-layout-flow wp-block-column-is-layout-flow\" style=\"flex-basis:33.33%\"><div class=\"wp-block-image\">\n<figure class=\"aligncenter size-full\"><img loading=\"lazy\" decoding=\"async\" width=\"800\" height=\"1067\" src=\"https:\/\/unitelaique.org\/wp-content\/uploads\/2026\/07\/apres-marianne.jpeg\" alt=\"\" class=\"wp-image-10239\"\/><\/figure>\n<\/div><\/div>\n\n\n\n<div class=\"wp-block-column is-vertically-aligned-top is-layout-flow wp-block-column-is-layout-flow\" style=\"flex-basis:66.66%\">\n<p class=\"has-text-align-center\" style=\"font-size:24px\"><strong>Livre \u00ab&nbsp;Le Drapeau Tricolore&nbsp;\u00bb<\/strong><\/p>\n\n\n\n<p class=\"has-text-align-center\" style=\"font-size:18px\">Apr\u00e8s \u00ab Marianne \u00bb, le Vice Pr\u00e9sident d\u2019Unit\u00e9 La\u00efque<br>signe l\u2019ouvrage \u00ab Le Drapeau Tricolore \u00bb.<\/p>\n\n\n\n<p class=\"has-text-align-center\" style=\"font-size:18px\">Paru en f\u00e9vrier 2025, Philippe Foussier<br>y poursuit son exploration raisonn\u00e9<br>des symboles de la R\u00e9publique.<\/p>\n\n\n\n<p class=\"has-text-align-center\" style=\"font-size:18px\"><strong><a href=\"https:\/\/unitelaique.org\/index.php\/2026\/07\/08\/le-drapeau-tricolore-philippe-foussier\/\" data-type=\"link\" data-id=\"https:\/\/unitelaique.org\/index.php\/2026\/07\/08\/le-drapeau-tricolore-philippe-foussier\/\">Plus d&rsquo;infos<\/a><\/strong><\/p>\n<\/div>\n<\/div>\n<\/div>\n\n\n\n<div class=\"wp-block-column is-layout-flow wp-block-column-is-layout-flow\">\n<div class=\"wp-block-columns is-layout-flex wp-container-core-columns-is-layout-9d6595d7 wp-block-columns-is-layout-flex\">\n<div class=\"wp-block-column is-layout-flow wp-block-column-is-layout-flow\" style=\"flex-basis:33.33%\"><div class=\"wp-block-image\">\n<figure class=\"aligncenter size-full\"><a href=\"https:\/\/unitelaique.org\/index.php\/2026\/05\/06\/laffaire-du-tweet-gaza-ou-la-defaite-de-la-raison\/\"><img loading=\"lazy\" decoding=\"async\" width=\"255\" height=\"397\" src=\"https:\/\/unitelaique.org\/wp-content\/uploads\/2026\/05\/TWE-50-96ap.jpg\" alt=\"\" class=\"wp-image-10114\" srcset=\"https:\/\/unitelaique.org\/wp-content\/uploads\/2026\/05\/TWE-50-96ap.jpg 255w, https:\/\/unitelaique.org\/wp-content\/uploads\/2026\/05\/TWE-50-96ap-193x300.jpg 193w, https:\/\/unitelaique.org\/wp-content\/uploads\/2026\/05\/TWE-50-96ap-15x24.jpg 15w, https:\/\/unitelaique.org\/wp-content\/uploads\/2026\/05\/TWE-50-96ap-23x36.jpg 23w, https:\/\/unitelaique.org\/wp-content\/uploads\/2026\/05\/TWE-50-96ap-31x48.jpg 31w\" sizes=\"auto, (max-width: 255px) 100vw, 255px\" \/><\/a><\/figure>\n<\/div><\/div>\n\n\n\n<div class=\"wp-block-column is-vertically-aligned-top is-layout-flow wp-block-column-is-layout-flow\" style=\"flex-basis:66.66%\">\n<p class=\"has-text-align-center\" style=\"font-size:24px\"><strong>Livre \u00ab&nbsp;L&rsquo;affaire du tweet, Gaza ou la d\u00e9faite de la raison&nbsp;\u00bb<\/strong><\/p>\n\n\n\n<p class=\"has-text-align-center\" style=\"font-size:18px\">Livre sign\u00e9 Nadia Geerts, <strong>pr\u00e9face de Jean-Pierre Sakoun<\/strong> -Pr\u00e9sident d\u2019Unit\u00e9 La\u00efque-<br><strong><em>L&rsquo;affaire du tweet, Gaza ou la d\u00e9faite de la raison<\/em><\/strong>.<\/p>\n\n\n\n<p class=\"has-text-align-center\" style=\"font-size:18px\"><strong><a href=\"https:\/\/unitelaique.org\/index.php\/2026\/05\/06\/laffaire-du-tweet-gaza-ou-la-defaite-de-la-raison\/\" data-type=\"link\" data-id=\"https:\/\/unitelaique.org\/index.php\/2026\/05\/06\/laffaire-du-tweet-gaza-ou-la-defaite-de-la-raison\/\">Plus d&rsquo;infos<\/a><\/strong><\/p>\n<\/div>\n<\/div>\n<\/div>\n\n\n\n<div class=\"wp-block-column is-layout-flow wp-block-column-is-layout-flow\">\n<div class=\"wp-block-columns is-layout-flex wp-container-core-columns-is-layout-9d6595d7 wp-block-columns-is-layout-flex\">\n<div class=\"wp-block-column is-layout-flow wp-block-column-is-layout-flow\" style=\"flex-basis:33.33%\"><div class=\"wp-block-image\">\n<figure class=\"aligncenter size-large\"><img loading=\"lazy\" decoding=\"async\" width=\"745\" height=\"1024\" src=\"https:\/\/unitelaique.org\/wp-content\/uploads\/2025\/08\/COUV-1-745x1024.png\" alt=\"\" class=\"wp-image-8925\" srcset=\"https:\/\/unitelaique.org\/wp-content\/uploads\/2025\/08\/COUV-1-745x1024.png 745w, https:\/\/unitelaique.org\/wp-content\/uploads\/2025\/08\/COUV-1-218x300.png 218w, https:\/\/unitelaique.org\/wp-content\/uploads\/2025\/08\/COUV-1-768x1056.png 768w, https:\/\/unitelaique.org\/wp-content\/uploads\/2025\/08\/COUV-1-17x24.png 17w, https:\/\/unitelaique.org\/wp-content\/uploads\/2025\/08\/COUV-1-26x36.png 26w, https:\/\/unitelaique.org\/wp-content\/uploads\/2025\/08\/COUV-1-35x48.png 35w, https:\/\/unitelaique.org\/wp-content\/uploads\/2025\/08\/COUV-1.png 800w\" sizes=\"auto, (max-width: 745px) 100vw, 745px\" \/><\/figure>\n<\/div><\/div>\n\n\n\n<div class=\"wp-block-column is-vertically-aligned-top is-layout-flow wp-block-column-is-layout-flow\" style=\"flex-basis:66.66%\">\n<p class=\"has-text-align-center\" style=\"font-size:24px\"><strong>Livre \u00ab&nbsp;Figures de la la\u00efcit\u00e9 : 2000 ans de combat&nbsp;\u00bb<\/strong><\/p>\n\n\n\n<p class=\"has-text-align-center\" style=\"font-size:18px\">Un ouvrage sign\u00e9 Jean-Pierre Sakoun (textes) <br>et C215 (illustrations).<\/p>\n\n\n\n<p class=\"has-text-align-center\" style=\"font-size:18px\"><strong><a href=\"https:\/\/unitelaique.org\/index.php\/2025\/08\/26\/livre-figures-de-la-laicite-2000-ans-de-combat\/\" data-type=\"link\" data-id=\"https:\/\/unitelaique.org\/index.php\/2025\/08\/26\/livre-figures-de-la-laicite-2000-ans-de-combat\/\">Plus d&rsquo;infos<\/a><\/strong><\/p>\n<\/div>\n<\/div>\n\n\n<div class=\"wp-block-image\">\n<figure class=\"alignright size-large\"><a href=\"https:\/\/unitelaique.org\/index.php\/2026\/02\/05\/deux-millenaires-de-combats-laiques-marianne\/\"><img loading=\"lazy\" decoding=\"async\" width=\"1024\" height=\"189\" src=\"https:\/\/unitelaique.org\/wp-content\/uploads\/2026\/02\/marianne-agora-1024x189.jpg\" alt=\"\" class=\"wp-image-9899\" srcset=\"https:\/\/unitelaique.org\/wp-content\/uploads\/2026\/02\/marianne-agora-1024x189.jpg 1024w, https:\/\/unitelaique.org\/wp-content\/uploads\/2026\/02\/marianne-agora-300x56.jpg 300w, https:\/\/unitelaique.org\/wp-content\/uploads\/2026\/02\/marianne-agora-768x142.jpg 768w, https:\/\/unitelaique.org\/wp-content\/uploads\/2026\/02\/marianne-agora-1536x284.jpg 1536w, https:\/\/unitelaique.org\/wp-content\/uploads\/2026\/02\/marianne-agora-2048x379.jpg 2048w, https:\/\/unitelaique.org\/wp-content\/uploads\/2026\/02\/marianne-agora-24x4.jpg 24w, https:\/\/unitelaique.org\/wp-content\/uploads\/2026\/02\/marianne-agora-36x7.jpg 36w, https:\/\/unitelaique.org\/wp-content\/uploads\/2026\/02\/marianne-agora-48x9.jpg 48w\" sizes=\"auto, (max-width: 1024px) 100vw, 1024px\" \/><\/a><\/figure>\n<\/div><\/div>\n\n\n\n<div class=\"wp-block-column is-layout-flow wp-block-column-is-layout-flow\">\n<div class=\"wp-block-columns is-layout-flex wp-container-core-columns-is-layout-9d6595d7 wp-block-columns-is-layout-flex\">\n<div class=\"wp-block-column is-layout-flow wp-block-column-is-layout-flow\" style=\"flex-basis:33.33%\"><div class=\"wp-block-image\">\n<figure class=\"aligncenter size-full\"><img loading=\"lazy\" decoding=\"async\" width=\"310\" height=\"460\" src=\"https:\/\/unitelaique.org\/wp-content\/uploads\/2025\/08\/Couverture-Humanisme-Laicite-C215.jpg\" alt=\"\" class=\"wp-image-8741\" srcset=\"https:\/\/unitelaique.org\/wp-content\/uploads\/2025\/08\/Couverture-Humanisme-Laicite-C215.jpg 310w, https:\/\/unitelaique.org\/wp-content\/uploads\/2025\/08\/Couverture-Humanisme-Laicite-C215-202x300.jpg 202w, https:\/\/unitelaique.org\/wp-content\/uploads\/2025\/08\/Couverture-Humanisme-Laicite-C215-16x24.jpg 16w, https:\/\/unitelaique.org\/wp-content\/uploads\/2025\/08\/Couverture-Humanisme-Laicite-C215-24x36.jpg 24w, https:\/\/unitelaique.org\/wp-content\/uploads\/2025\/08\/Couverture-Humanisme-Laicite-C215-32x48.jpg 32w\" sizes=\"auto, (max-width: 310px) 100vw, 310px\" \/><\/figure>\n<\/div><\/div>\n\n\n\n<div class=\"wp-block-column is-vertically-aligned-top is-layout-flow wp-block-column-is-layout-flow\" style=\"flex-basis:66.66%\">\n<p class=\"has-text-align-center\" style=\"font-size:24px\"><strong>Revue Humanisme \u00ab&nbsp;S\u00e9parer pour unir. La force de la loi de 1905&nbsp;\u00bb<\/strong><\/p>\n\n\n\n<p class=\"has-text-align-center\" style=\"font-size:18px\">Conception du num\u00e9ro HS consacr\u00e9 au 120\u00e8me anniversaire de la loi de 1905 confi\u00e9e \u00e0 <strong>Jean-Pierre Sakoun<\/strong><strong>.<\/strong><br><strong><a href=\"https:\/\/unitelaique.org\/index.php\/2025\/08\/25\/revue-humanisme-separer-pour-unir-la-force-de-la-loi-de-1905\/\">Plus d&rsquo;infos<\/a><\/strong><\/p>\n<\/div>\n<\/div>\n<\/div>\n<\/div>\n\n\n\n<div class=\"wp-block-columns is-layout-flex wp-container-core-columns-is-layout-9d6595d7 wp-block-columns-is-layout-flex\">\n<div class=\"wp-block-column has-background is-layout-flow wp-block-column-is-layout-flow\" style=\"background-color:#1d558c\">\n<p class=\"has-text-align-center has-white-color has-text-color has-link-color wp-elements-c1ecf8d35e3c86137c414f7ea3bd76a7\" style=\"font-size:18px\"><br><strong><em>UNIT\u00c9 LA\u00cfQUE : POUR UNE R<strong>\u00c9<\/strong>PUBLIQUE INDIVISIBLE, LA\u00cfQUE, D<strong>\u00c9<\/strong>MOCRATIQUE ET SOCIALE.<\/em><\/strong><\/p>\n\n\n\n<p class=\"has-text-align-center has-white-color has-text-color has-link-color wp-elements-e98dddedacb2203b74d2ca4b90f31702\" style=\"font-size:15px\"><strong>Unit\u00e9 La\u00efque est une association populaire qui a pour objet la d\u00e9fense, la promotion et le d\u00e9veloppement de la la\u00efcit\u00e9 et des principes r\u00e9publicains en France, dans l\u2019Union europ\u00e9enne et dans les instances internationales.<\/strong><br><strong><br>Elle attache une importance particuli\u00e8re au maintien et au respect de la la\u00efcit\u00e9 dans les institutions et collectivit\u00e9s publiques. Elle consid\u00e8re l&rsquo;\u00e9cole comme le creuset de la citoyennet\u00e9 la\u00efque et r\u00e9publicaine.<\/strong> <strong> Elle \u0153uvre \u00e0 l\u2019unit\u00e9 des la\u00efques. Unit\u00e9 La\u00efque appelle tous les citoyens \u00e0 prendre leur place dans l&rsquo;association, sans esprit de parti. Le nombre et la d\u00e9termination, la clart\u00e9 de nos positions, feront notre force.<\/strong><br><\/p>\n\n\n<div class=\"wp-block-image\">\n<figure class=\"aligncenter size-full is-resized\"><img loading=\"lazy\" decoding=\"async\" width=\"300\" height=\"300\" src=\"https:\/\/unitelaique.org\/wp-content\/uploads\/2024\/07\/Unite-laique-Mains-leger-2-blanc.png\" alt=\"\" class=\"wp-image-7154\" style=\"width:62px;height:auto\" srcset=\"https:\/\/unitelaique.org\/wp-content\/uploads\/2024\/07\/Unite-laique-Mains-leger-2-blanc.png 300w, https:\/\/unitelaique.org\/wp-content\/uploads\/2024\/07\/Unite-laique-Mains-leger-2-blanc-150x150.png 150w, https:\/\/unitelaique.org\/wp-content\/uploads\/2024\/07\/Unite-laique-Mains-leger-2-blanc-24x24.png 24w, https:\/\/unitelaique.org\/wp-content\/uploads\/2024\/07\/Unite-laique-Mains-leger-2-blanc-36x36.png 36w, https:\/\/unitelaique.org\/wp-content\/uploads\/2024\/07\/Unite-laique-Mains-leger-2-blanc-48x48.png 48w\" sizes=\"auto, (max-width: 300px) 100vw, 300px\" \/><\/figure>\n<\/div><\/div>\n\n\n\n<div class=\"wp-block-column has-cyan-bluish-gray-background-color has-background is-layout-flow wp-block-column-is-layout-flow\">\n<p class=\"has-text-align-center has-text-color has-link-color wp-elements-24d6248013bb511c573e98a258c55405\" style=\"color:#1d558c;font-size:25px\"><br><strong><a href=\"https:\/\/unitelaique.org\/index.php\/je-donne-jadhere\/\" data-type=\"link\" data-id=\"https:\/\/unitelaique.org\/index.php\/je-donne-jadhere\/\">J\u2019AGIS POUR UN MONDE LIBRE et FRATERNEL<\/a><\/strong><\/p>\n\n\n\n<p class=\"has-text-align-center\" style=\"font-size:16px\">Rejoignez-nous dans notre qu\u00eate d\u2019un avenir plus humaniste, libre et d\u00e9mocratique. <br><a href=\"https:\/\/www.facebook.com\/unitelaique?__cft__[0]=AZUiMB3gyMO7gqqwX0R81_06masU_wKTgjs-UB1O5W2iJ7zd7iNiOyiGHolllOmFTGT5mvSs8LxVdgNW-f5NKCWEBTDnjToClH2M_Z3epsj6R3K1P9ttcEtwzWRBkMD5ZslCEU7uE_yswwyH51B-QP9f&amp;__tn__=-]K-R\">Unit\u00e9 la\u00efque<\/a> est la voix du changement.<br><strong>VOUS<\/strong> avez le pouvoir de faire la diff\u00e9rence.<\/p>\n\n\n\n<p class=\"has-text-align-center\" style=\"font-size:16px\"><strong>ENSEMBLE CHANGEONS LE MONDE.<\/strong><br>Rejoindre <a href=\"https:\/\/www.facebook.com\/unitelaique?__cft__[0]=AZUiMB3gyMO7gqqwX0R81_06masU_wKTgjs-UB1O5W2iJ7zd7iNiOyiGHolllOmFTGT5mvSs8LxVdgNW-f5NKCWEBTDnjToClH2M_Z3epsj6R3K1P9ttcEtwzWRBkMD5ZslCEU7uE_yswwyH51B-QP9f&amp;__tn__=-]K-R\">Unit\u00e9 la\u00efque<\/a>, c\u2019est s\u2019unir pour un monde plus libre et fraternel.<\/p>\n\n\n\n<div class=\"wp-block-columns is-layout-flex wp-container-core-columns-is-layout-9d6595d7 wp-block-columns-is-layout-flex\">\n<div class=\"wp-block-column is-layout-flow wp-block-column-is-layout-flow\"><div class=\"wp-block-image\">\n<figure class=\"alignright size-full is-resized\"><a href=\"https:\/\/unitelaique.org\/index.php\/adherer\/\"><img loading=\"lazy\" decoding=\"async\" width=\"520\" height=\"253\" src=\"https:\/\/unitelaique.org\/wp-content\/uploads\/2024\/11\/jadhere.png\" alt=\"\" class=\"wp-image-7601\" style=\"width:187px;height:auto\" srcset=\"https:\/\/unitelaique.org\/wp-content\/uploads\/2024\/11\/jadhere.png 520w, https:\/\/unitelaique.org\/wp-content\/uploads\/2024\/11\/jadhere-300x146.png 300w, https:\/\/unitelaique.org\/wp-content\/uploads\/2024\/11\/jadhere-24x12.png 24w, https:\/\/unitelaique.org\/wp-content\/uploads\/2024\/11\/jadhere-36x18.png 36w, https:\/\/unitelaique.org\/wp-content\/uploads\/2024\/11\/jadhere-48x23.png 48w\" sizes=\"auto, (max-width: 520px) 100vw, 520px\" \/><\/a><\/figure>\n<\/div><\/div>\n\n\n\n<div class=\"wp-block-column is-layout-flow wp-block-column-is-layout-flow\"><div class=\"wp-block-image\">\n<figure class=\"alignleft size-full is-resized\"><a href=\"https:\/\/unitelaique.org\/index.php\/je-donne\/\"><img loading=\"lazy\" decoding=\"async\" width=\"520\" height=\"253\" src=\"https:\/\/unitelaique.org\/wp-content\/uploads\/2024\/11\/je-donne-1.png\" alt=\"\" class=\"wp-image-7600\" style=\"width:185px;height:auto\" srcset=\"https:\/\/unitelaique.org\/wp-content\/uploads\/2024\/11\/je-donne-1.png 520w, https:\/\/unitelaique.org\/wp-content\/uploads\/2024\/11\/je-donne-1-300x146.png 300w, https:\/\/unitelaique.org\/wp-content\/uploads\/2024\/11\/je-donne-1-24x12.png 24w, https:\/\/unitelaique.org\/wp-content\/uploads\/2024\/11\/je-donne-1-36x18.png 36w, https:\/\/unitelaique.org\/wp-content\/uploads\/2024\/11\/je-donne-1-48x23.png 48w\" sizes=\"auto, (max-width: 520px) 100vw, 520px\" \/><\/a><\/figure>\n<\/div><\/div>\n<\/div>\n<\/div>\n<\/div>\n\n\n\n<div class=\"wp-block-columns is-layout-flex wp-container-core-columns-is-layout-9d6595d7 wp-block-columns-is-layout-flex\">\n<div class=\"wp-block-column has-text-color is-layout-flow wp-block-column-is-layout-flow\" style=\"color:#1d558c\">\n<p class=\"has-text-align-center has-cyan-bluish-gray-color has-text-color has-background has-link-color wp-elements-c729ad9d7be38d9017491732c82f20a8\" style=\"background-color:#1d558c;font-size:38px\"><strong>L&rsquo;ACTUALIT\u00c9 EN QUATRE ARTICLES SIGN\u00c9S UNIT\u00c9 LA\u00cfQUE<\/strong><\/p>\n<\/div>\n<\/div>\n\n\n\n<div class=\"wp-block-columns is-layout-flex wp-container-core-columns-is-layout-9d6595d7 wp-block-columns-is-layout-flex\">\n<div class=\"wp-block-column is-layout-flow wp-block-column-is-layout-flow\">\n<p class=\"has-text-align-center has-text-color has-background has-link-color wp-elements-6353fe921aa36f57d2e2d417e8fd1ca5\" style=\"color:#1d558c;background-color:#e3e5e9;font-size:21px;font-style:normal;font-weight:400\"><strong><a href=\"https:\/\/unitelaique.org\/index.php\/2026\/07\/17\/le-massacre-de-nice-et-le-contre-recit-islamiste-marianne\/\" data-type=\"link\" data-id=\"https:\/\/unitelaique.org\/index.php\/2026\/07\/17\/le-massacre-de-nice-et-le-contre-recit-islamiste-marianne\/\">MARIANNE : Le massacre de Nice et le contre-r\u00e9cit islamiste<\/a><\/strong><\/p>\n\n\n\n<p style=\"font-style:normal;font-weight:600\">Le 14 juillet 2016, un djihadiste massacrait 86 personnes \u00e0 Nice, traumatisant les Fran\u00e7ais. Quelques semaines plus tard \u00e9clatait l\u2019affaire du burkini, contre-feu destin\u00e9 \u00e0 imposer un autre r\u00e9cit. Dix ans apr\u00e8s, Jean-Pierre Sakoun, pr\u00e9sident d\u2019Unit\u00e9 La\u00efque, revient dans une tribune publi\u00e9 par \u00ab Marianne \u00bb sur cette manipulation id\u00e9ologique.<\/p>\n\n\n\n<p>Le 14 juillet 2016, \u00e0 22h34, un poids lourd lanc\u00e9 sur la Promenade des Anglais a travers\u00e9 la foule venue assister au feu d\u2019artifice de la f\u00eate nationale. En quelques minutes, quatre-vingt-six personnes ont \u00e9t\u00e9 tu\u00e9es et quatre cent cinquante-huit bless\u00e9es. Parmi les morts se trouvaient quinze enfants et adolescents. Des familles ont \u00e9t\u00e9 d\u00e9truites, des milliers de vies durablement ab\u00eem\u00e9es.<\/p>\n\n\n\n<p><strong><a href=\"https:\/\/unitelaique.org\/index.php\/2026\/07\/17\/le-massacre-de-nice-et-le-contre-recit-islamiste-marianne\/\" data-type=\"link\" data-id=\"https:\/\/unitelaique.org\/index.php\/2026\/07\/17\/le-massacre-de-nice-et-le-contre-recit-islamiste-marianne\/\">Article complet<\/a><\/strong><\/p>\n\n\n<div class=\"wp-block-image\">\n<figure class=\"aligncenter size-full is-resized\"><a href=\"https:\/\/unitelaique.org\/index.php\/2026\/07\/17\/le-massacre-de-nice-et-le-contre-recit-islamiste-marianne\/\"><img loading=\"lazy\" decoding=\"async\" width=\"1080\" height=\"1473\" src=\"https:\/\/unitelaique.org\/wp-content\/uploads\/2026\/07\/marianne-tribune.jpeg\" alt=\"\" class=\"wp-image-10246\" style=\"width:335px;height:auto\"\/><\/a><\/figure>\n<\/div><\/div>\n\n\n\n<div class=\"wp-block-column is-layout-flow wp-block-column-is-layout-flow\">\n<h1 class=\"wp-block-heading has-text-align-center has-text-color has-background has-link-color wp-elements-09e2b88f348fe752e84fa37b95f0fb99\" style=\"color:#1d558c;background-color:#e3e5e9;font-size:21px;font-style:normal;font-weight:400\"><strong><a href=\"https:\/\/unitelaique.org\/index.php\/2026\/07\/06\/la-laicite-pervertie-par-les-mots-cites\/\" data-type=\"link\" data-id=\"https:\/\/unitelaique.org\/index.php\/2026\/07\/06\/la-laicite-pervertie-par-les-mots-cites\/\">CIT<strong>\u00c9<\/strong>S &#8211; La la\u00efcit\u00e9 pervertie par les mots<\/a><\/strong><\/h1>\n\n\n\n<p style=\"font-style:normal;font-weight:600\">Article dans la revue Cit\u00e9s, sign\u00e9 Aline Girard pour le num\u00e9ro 106 d\u00e9di\u00e9 aux perversions id\u00e9ologiques contemporaines.<\/p>\n\n\n\n<p>\u00ab Alors que nous venons de c\u00e9l\u00e9brer, dans un quasi-consensus national, les cent vingt ans de la loi de s\u00e9paration des \u00c9glises et de l\u2019\u00c9tat du 9 d\u00e9cembre 1905, loi d\u2019\u00e9mancipation et de concorde civile et cl\u00e9 de vo\u00fbte de notre R\u00e9publique, les vrais ennemis et les faux amis de la la\u00efcit\u00e9 sont rest\u00e9s sur leur position et n\u2019ont pas renonc\u00e9 \u00e0 agir contre elle. Dans leurs attaques, ils utilisent des m\u00e9thodes fort diff\u00e9rentes.<\/p>\n\n\n\n<p><strong><a href=\"https:\/\/unitelaique.org\/index.php\/2026\/07\/06\/la-laicite-pervertie-par-les-mots-cites\/\" data-type=\"link\" data-id=\"https:\/\/unitelaique.org\/index.php\/2026\/07\/06\/la-laicite-pervertie-par-les-mots-cites\/\">Article complet<\/a><\/strong><\/p>\n\n\n\n<figure class=\"wp-block-image size-full\"><img loading=\"lazy\" decoding=\"async\" width=\"216\" height=\"299\" src=\"https:\/\/unitelaique.org\/wp-content\/uploads\/2026\/07\/Capture-de\u0301cran-2026-07-06-a\u0300-08.49.jpg\" alt=\"\" class=\"wp-image-10229\"\/><\/figure>\n<\/div>\n\n\n\n<div class=\"wp-block-column is-layout-flow wp-block-column-is-layout-flow\">\n<p class=\"has-text-align-center has-text-color has-background has-link-color wp-elements-bd5ab3da0bf13564efefb76dc1782c16\" style=\"color:#1d558c;background-color:#e3e5e9;font-size:21px;font-style:normal;font-weight:400\"><strong><a href=\"https:\/\/unitelaique.org\/index.php\/2026\/07\/02\/les-mots-contre-la-laicite-de-la-liberte-de-conscience-a-la-liberte-religieuse-mezetulle\/#more-10220\" data-type=\"link\" data-id=\"https:\/\/unitelaique.org\/index.php\/2026\/07\/02\/les-mots-contre-la-laicite-de-la-liberte-de-conscience-a-la-liberte-religieuse-mezetulle\/#more-10220\">MEZETULLE : Les mots contre la la\u00efcit\u00e9 : de la libert\u00e9 de conscience \u00e0 la libert\u00e9 religieuse<\/a><br><\/strong><\/p>\n\n\n\n<p style=\"font-style:normal;font-weight:600\">Aline Girard et Jean-Pierre Sakoun analysent un glissement lexical : l\u2019usage, dans maint texte officiel, des expressions \u00ab libert\u00e9 de religion \u00bb et \u00ab libert\u00e9 religieuse \u00bb pour caract\u00e9riser la la\u00efcit\u00e9.<\/p>\n\n\n\n<p>Or la \u00ab libert\u00e9 de religion \u00bb s\u2019inscrit dans la libert\u00e9 d\u2019opinion. Et la R\u00e9publique \u00ab assure la libert\u00e9 de conscience \u00bb : cette derni\u00e8re, non seulement est plus large que la \u00ab libert\u00e9 de religion \u00bb, mais elle concerne les individus, alors que la \u00ab libert\u00e9 religieuse \u00bb permet d\u2019\u00e9riger des groupes d\u2019appartenance en sujets principaux d\u2019exercice de la libert\u00e9 et de structuration de la vie publique. En pla\u00e7ant la notion de \u00ab religion \u00bb, et surtout celle de \u00ab libert\u00e9 religieuse \u00bb, en position cl\u00e9, ce glissement inverse les principes et se r\u00e9v\u00e8le comme une double op\u00e9ration politique qui \u00ab [\u2026] modifie le centre de gravit\u00e9 de la la\u00efcit\u00e9, en le d\u00e9pla\u00e7ant de l\u2019individu singulier et citoyen vers sa communaut\u00e9 d\u2019appartenance. <br><br><strong><a href=\"https:\/\/unitelaique.org\/index.php\/2026\/07\/02\/les-mots-contre-la-laicite-de-la-liberte-de-conscience-a-la-liberte-religieuse-mezetulle\/#more-10220\" data-type=\"link\" data-id=\"https:\/\/unitelaique.org\/index.php\/2026\/07\/02\/les-mots-contre-la-laicite-de-la-liberte-de-conscience-a-la-liberte-religieuse-mezetulle\/#more-10220\">Article complet<\/a><\/strong><\/p>\n\n\n<div class=\"wp-block-image\">\n<figure class=\"aligncenter size-full\"><a href=\"https:\/\/unitelaique.org\/index.php\/2026\/07\/02\/les-mots-contre-la-laicite-de-la-liberte-de-conscience-a-la-liberte-religieuse-mezetulle\/#more-10220\"><img loading=\"lazy\" decoding=\"async\" width=\"983\" height=\"808\" src=\"https:\/\/unitelaique.org\/wp-content\/uploads\/2026\/07\/Capture-de\u0301cran-2026-07-02-a\u0300-11.15.30.png\" alt=\"\" class=\"wp-image-10221\"\/><\/a><\/figure>\n<\/div><\/div>\n\n\n\n<div class=\"wp-block-column is-layout-flow wp-block-column-is-layout-flow\">\n<p class=\"has-text-align-center has-text-color has-background has-link-color wp-elements-66e01f68b3369054758102a01debd92a\" style=\"color:#1d558c;background-color:#e3e5e9;font-size:21px;font-style:normal;font-weight:400\"><strong><a href=\"https:\/\/unitelaique.org\/index.php\/2026\/04\/09\/quel-est-lavenir-de-la-laicite-dans-le-nouveau-paysage-politique-issu-des-municipales-un-an-avant-la-presidentielle-marianne\/#more-10056\" data-type=\"link\" data-id=\"https:\/\/unitelaique.org\/index.php\/2026\/04\/09\/quel-est-lavenir-de-la-laicite-dans-le-nouveau-paysage-politique-issu-des-municipales-un-an-avant-la-presidentielle-marianne\/#more-10056\">MARIANNE:<br>Quel est l\u2019avenir de la la\u00efcit\u00e9 dans le nouveau paysage politique issu des municipales, un an avant la pr\u00e9sidentielle&nbsp;?<\/a><\/strong><\/p>\n\n\n\n<p style=\"font-style:normal;font-weight:600\">Aline Girard, secr\u00e9taire g\u00e9n\u00e9rale d\u2019Unit\u00e9 la\u00efque et auteur de \u00ab Vers une soci\u00e9t\u00e9 communautariste et confessionnelle \u00bb (Pont 9), analyse l\u2019\u00e9volution \u2013 ou la disparition \u2013 r\u00e9cente des discours sur la la\u00efcit\u00e9 dans les programmes \u00e9lectoraux.<\/p>\n\n\n\n<p>\u00abPendant les six mois qui ont pr\u00e9c\u00e9d\u00e9 les \u00e9lections municipales des 15 et 22 mars 2026, la <a href=\"https:\/\/www.marianne.net\/societe\/laicite-et-religions\">la\u00efcit\u00e9<\/a> a connu un sort paradoxal. Omnipr\u00e9sente \u00e0 l\u2019occasion du 120e anniversaire de la loi de 1905, elle s\u2019est ensuite largement effac\u00e9e du d\u00e9bat public, au point de devenir quasi invisible dans la campagne \u00e9lectorale. Les r\u00e9sultats des \u00e9lections et la perspective de la pr\u00e9sidentielle am\u00e8nent \u00e0 s\u2019interroger sur la place de la la\u00efcit\u00e9 dans cette s\u00e9quence politique.\u00a0\u00bb<\/p>\n\n\n\n<p><strong><a href=\"https:\/\/unitelaique.org\/index.php\/2026\/04\/09\/quel-est-lavenir-de-la-laicite-dans-le-nouveau-paysage-politique-issu-des-municipales-un-an-avant-la-presidentielle-marianne\/#more-10056\" data-type=\"link\" data-id=\"https:\/\/unitelaique.org\/index.php\/2026\/04\/09\/quel-est-lavenir-de-la-laicite-dans-le-nouveau-paysage-politique-issu-des-municipales-un-an-avant-la-presidentielle-marianne\/#more-10056\">Article complet<\/a><\/strong><\/p>\n\n\n<div class=\"wp-block-image\">\n<figure class=\"aligncenter size-full is-resized\"><a href=\"https:\/\/unitelaique.org\/index.php\/2026\/04\/09\/quel-est-lavenir-de-la-laicite-dans-le-nouveau-paysage-politique-issu-des-municipales-un-an-avant-la-presidentielle-marianne\/#more-10056\"><img loading=\"lazy\" decoding=\"async\" width=\"707\" height=\"782\" src=\"https:\/\/unitelaique.org\/wp-content\/uploads\/2026\/04\/Capture-decran-2026-04-09-a-12.32.48.png\" alt=\"\" class=\"wp-image-10057\" style=\"width:335px;height:auto\" srcset=\"https:\/\/unitelaique.org\/wp-content\/uploads\/2026\/04\/Capture-decran-2026-04-09-a-12.32.48.png 707w, https:\/\/unitelaique.org\/wp-content\/uploads\/2026\/04\/Capture-decran-2026-04-09-a-12.32.48-271x300.png 271w, https:\/\/unitelaique.org\/wp-content\/uploads\/2026\/04\/Capture-decran-2026-04-09-a-12.32.48-22x24.png 22w, https:\/\/unitelaique.org\/wp-content\/uploads\/2026\/04\/Capture-decran-2026-04-09-a-12.32.48-33x36.png 33w, https:\/\/unitelaique.org\/wp-content\/uploads\/2026\/04\/Capture-decran-2026-04-09-a-12.32.48-43x48.png 43w\" sizes=\"auto, (max-width: 707px) 100vw, 707px\" \/><\/a><\/figure>\n<\/div><\/div>\n<\/div>\n\n\n\n<div class=\"wp-block-columns is-layout-flex wp-container-core-columns-is-layout-9d6595d7 wp-block-columns-is-layout-flex\">\n<div class=\"wp-block-column has-cyan-bluish-gray-background-color has-background is-layout-flow wp-block-column-is-layout-flow\">\n<p class=\"has-text-align-center has-text-color has-link-color has-large-font-size wp-elements-485a34121fab2629e980c421e2140797\" style=\"color:#1d558c\"><strong>D\u00e9couvrez les derniers communiqu\u00e9s de presse d&rsquo;Unit\u00e9 La\u00efque<\/strong><\/p>\n\n\n\n<div class=\"wp-block-columns is-layout-flex wp-container-core-columns-is-layout-9d6595d7 wp-block-columns-is-layout-flex\">\n<div class=\"wp-block-column is-layout-flow wp-block-column-is-layout-flow\" style=\"flex-basis:66.66%\">\n<p class=\"has-text-align-right has-text-color has-link-color has-large-font-size wp-elements-61ec82c936b67a3922b85089cfff8587\" style=\"color:#1d558c\"><strong><a href=\"https:\/\/unitelaique.org\/index.php\/category\/actualite\/collectif-laique-national\/\" data-type=\"link\" data-id=\"https:\/\/unitelaique.org\/index.php\/category\/actualite\/collectif-laique-national\/\">D\u00e9couvrez les communiqu\u00e9s du<\/a> <\/strong><\/p>\n<\/div>\n\n\n\n<div class=\"wp-block-column is-layout-flow wp-block-column-is-layout-flow\" style=\"flex-basis:33.33%\"><div class=\"wp-block-image\">\n<figure class=\"alignleft size-full is-resized\"><a href=\"https:\/\/unitelaique.org\/index.php\/category\/actualite\/collectif-laique-national\/\"><img loading=\"lazy\" decoding=\"async\" width=\"997\" height=\"416\" src=\"https:\/\/unitelaique.org\/wp-content\/uploads\/2026\/02\/logo.png\" alt=\"\" class=\"wp-image-9916\" style=\"aspect-ratio:2.3965392407090316;width:179px;height:auto\" srcset=\"https:\/\/unitelaique.org\/wp-content\/uploads\/2026\/02\/logo.png 997w, https:\/\/unitelaique.org\/wp-content\/uploads\/2026\/02\/logo-300x125.png 300w, https:\/\/unitelaique.org\/wp-content\/uploads\/2026\/02\/logo-768x320.png 768w, https:\/\/unitelaique.org\/wp-content\/uploads\/2026\/02\/logo-24x10.png 24w, https:\/\/unitelaique.org\/wp-content\/uploads\/2026\/02\/logo-36x15.png 36w, https:\/\/unitelaique.org\/wp-content\/uploads\/2026\/02\/logo-48x20.png 48w\" sizes=\"auto, (max-width: 997px) 100vw, 997px\" \/><\/a><\/figure>\n<\/div><\/div>\n<\/div>\n<\/div>\n<\/div>\n\n\n\n<div class=\"wp-block-columns is-layout-flex wp-container-core-columns-is-layout-9d6595d7 wp-block-columns-is-layout-flex\">\n<div class=\"wp-block-column is-layout-flow wp-block-column-is-layout-flow\">\n<h1 class=\"wp-block-heading has-text-align-center has-text-color has-background has-link-color wp-elements-6cdddfbd8f1cb392a1f25c13ccaac196\" style=\"color:#1d558c;background-color:#e3e5e9;font-size:22px;font-style:normal;font-weight:400\"><strong><a href=\"https:\/\/unitelaique.org\/index.php\/2026\/09\/04\/soutien-a-guillaume-trichard-la-haine-antimaconnique-ne-fera-pas-taire-la-republique\/\" data-type=\"link\" data-id=\"https:\/\/unitelaique.org\/index.php\/2026\/09\/04\/soutien-a-guillaume-trichard-la-haine-antimaconnique-ne-fera-pas-taire-la-republique\/\">Soutien \u00e0 Guillaume Trichard\u00a0: la haine antima\u00e7onnique ne fera pas taire la R\u00e9publique\u00a0!<\/a><\/strong><\/h1>\n\n\n\n<p style=\"font-style:normal;font-weight:600\"><em>\u00c0 la suite de son \u00e9lection \u00e0 la Grande Ma\u00eetrise du Grand Orient de France, Guillaume Trichard a d\u00e9clar\u00e9 que les \u00e9coles priv\u00e9es hors contrat n\u2019avaient pas leur place dans la R\u00e9publique. Nous partageons cette position\u00a0; la seule \u00e9cole libre, c\u2019est l\u2019Ecole la\u00efque.<\/em><\/p>\n\n\n\n<p>La violence des r\u00e9actions d\u00e9clench\u00e9es par ses propos en apporte paradoxalement une \u00e9clatante confirmation. Derri\u00e8re la d\u00e9fense de ces \u00e9tablissements se mobilisent aujourd\u2019hui des milieux int\u00e9gristes, nationalistes, antima\u00e7onniques et ouvertement hostiles \u00e0 la R\u00e9publique. Lorsque la d\u00e9fense d\u2019une pr\u00e9tendue libert\u00e9 d\u2019enseignement fait surgir les pires r\u00e9f\u00e9rences id\u00e9ologiques du fascisme, elle r\u00e9v\u00e8le la nature politique du probl\u00e8me. La R\u00e9publique a le devoir de garantir que l\u2019\u00e9ducation des enfants demeure \u00e0 l\u2019abri des entreprises d\u2019endoctrinement, des int\u00e9grismes, des s\u00e9paratismes et des d\u00e9rives sectaires.<\/p>\n\n\n\n<p><strong><a href=\"https:\/\/unitelaique.org\/index.php\/2026\/09\/04\/soutien-a-guillaume-trichard-la-haine-antimaconnique-ne-fera-pas-taire-la-republique\/\" data-type=\"link\" data-id=\"https:\/\/unitelaique.org\/index.php\/2026\/09\/04\/soutien-a-guillaume-trichard-la-haine-antimaconnique-ne-fera-pas-taire-la-republique\/\">Article complet<\/a><\/strong><\/p>\n\n\n<div class=\"wp-block-image\">\n<figure class=\"aligncenter size-full is-resized\"><img loading=\"lazy\" decoding=\"async\" width=\"2242\" height=\"3383\" src=\"https:\/\/unitelaique.org\/wp-content\/uploads\/2026\/09\/20260903-20260903-Soutien-a\u0300-Guillaume-Trichard.jpg\" alt=\"\" class=\"wp-image-10964\" style=\"aspect-ratio:0.6424149173901894;width:248px;height:auto\"\/><\/figure>\n<\/div><\/div>\n\n\n\n<div class=\"wp-block-column is-layout-flow wp-block-column-is-layout-flow\">\n<p class=\"has-text-align-center has-text-color has-background has-link-color wp-elements-f3e30ffe8caf91c64ded4e7764dfc0c9\" style=\"color:#1d558c;background-color:#e3e5e9;font-size:22px;font-style:normal;font-weight:400\"><strong><a href=\"https:\/\/unitelaique.org\/index.php\/2026\/08\/18\/cinq-de-pouvoir-taliban-on-tue-des-femmes\/\">Cinq ans de pouvoir taliban : on tue des femmes !<\/a><\/strong><\/p>\n\n\n\n<p style=\"font-style:normal;font-weight:600\">Emmur\u00e9es vivantes dans leur logis, enti\u00e8rement dissimul\u00e9es sous un hijab-linceul, sous l\u2019autorit\u00e9 totale des hommes, interdites de faire entendre le son (impur) de leur voix, interdites d\u2019acc\u00e8s au savoir, \u00e0 l\u2019\u00e9cole, \u00e0 l\u2019universit\u00e9, \u00e0 un quelconque emploi, les femmes afghanes, sans perspective, souvent d\u00e9sesp\u00e9r\u00e9es, se suicident en nombre.<\/p>\n\n\n\n<p>En cinq ans, les femmes ont \u00e9t\u00e9 brutalement \u00e9vinc\u00e9es de l&rsquo;espace public et leurs droits r\u00e9duits \u00e0 n\u00e9ant par le sinistre minist\u00e8re de la r\u00e9pression du vice, garant d&rsquo;une application stricte de la charia. Plus encore, les fillettes sont d\u00e9sormais promises au mariage d\u00e8s l\u2019\u00e2ge de neuf ans dans le cadre d\u2019une p\u00e9dophilie institutionnalis\u00e9e.<\/p>\n\n\n\n<p><a href=\"https:\/\/unitelaique.org\/index.php\/2026\/08\/18\/cinq-de-pouvoir-taliban-on-tue-des-femmes\/\"><strong>Article complet<\/strong><\/a><\/p>\n\n\n<div class=\"wp-block-image\">\n<figure class=\"aligncenter size-full is-resized\"><img loading=\"lazy\" decoding=\"async\" width=\"706\" height=\"997\" src=\"https:\/\/unitelaique.org\/wp-content\/uploads\/2026\/08\/20260817-Femmes-afghanes-Finale.jpg\" alt=\"\" class=\"wp-image-10582\" style=\"aspect-ratio:0.708153293219723;width:255px;height:auto\"\/><\/figure>\n<\/div><\/div>\n\n\n\n<div class=\"wp-block-column is-layout-flow wp-block-column-is-layout-flow\">\n<p class=\"has-text-align-center has-text-color has-background has-link-color wp-elements-4f8b540d912330ac347a78c1f46d39af\" style=\"color:#1d558c;background-color:#e3e5e9;font-size:22px;font-style:normal;font-weight:400\"><strong><a href=\"https:\/\/unitelaique.org\/index.php\/2024\/12\/11\/la-republique-folle-de-la-messe\/\" data-type=\"link\" data-id=\"https:\/\/unitelaique.org\/index.php\/2024\/12\/11\/la-republique-folle-de-la-messe\/\"><\/a><a href=\"https:\/\/unitelaique.org\/index.php\/2026\/07\/21\/soutien-a-barbara-butch-menacee-dans-sa-liberte-dartiste\/\" data-type=\"link\" data-id=\"https:\/\/unitelaique.org\/index.php\/2026\/07\/21\/soutien-a-barbara-butch-menacee-dans-sa-liberte-dartiste\/\">Soutien \u00e0 Barbara Butch, menac\u00e9e dans sa libert\u00e9 d\u2019artiste<\/a><\/strong><\/p>\n\n\n\n<p style=\"font-style:normal;font-weight:600\">Barbara Butch, harcel\u00e9e depuis plusieurs semaines par plusieurs groupes violents issus de la mouvance LFI, devait pr\u00e9senter son spectacle \u00e0 Grenoble dans le cadre du festival Cabaret Frapp\u00e9.<\/p>\n\n\n\n<p>\u00c0 l\u2019appel d\u2019un collectif de militants se revendiquant de la cause palestinienne, avec le soutien de conseillers municipaux LFI de Grenoble, un groupe particuli\u00e8rement agressif a perturb\u00e9 le spectacle, pris \u00e0 partie des spectateurs et, par ses vocif\u00e9rations, rendu impossible la prestation de l\u2019artiste.<\/p>\n\n\n\n<p>Barbara Butch \u00e9tant directement menac\u00e9e, la municipalit\u00e9, incapable d\u2019assurer sa protection, a d\u00e9cid\u00e9 d\u2019annuler le spectacle plut\u00f4t que de faire intervenir la force publique pour r\u00e9tablir l\u2019ordre.<br><br><strong><a href=\"https:\/\/unitelaique.org\/index.php\/2026\/07\/21\/soutien-a-barbara-butch-menacee-dans-sa-liberte-dartiste\/\" data-type=\"link\" data-id=\"https:\/\/unitelaique.org\/index.php\/2026\/07\/21\/soutien-a-barbara-butch-menacee-dans-sa-liberte-dartiste\/\">Article complet<\/a><\/strong><\/p>\n\n\n<div class=\"wp-block-image\">\n<figure class=\"aligncenter size-full is-resized\"><a href=\"https:\/\/unitelaique.org\/index.php\/2026\/07\/21\/soutien-a-barbara-butch-menacee-dans-sa-liberte-dartiste\/\"><img loading=\"lazy\" decoding=\"async\" width=\"2172\" height=\"3381\" src=\"https:\/\/unitelaique.org\/wp-content\/uploads\/2026\/07\/20260721-Barabra-Butch.jpg\" alt=\"\" class=\"wp-image-10282\" style=\"aspect-ratio:0.6424149173901894;width:236px;height:auto\"\/><\/a><\/figure>\n<\/div><\/div>\n<\/div>\n\n\n\n<p class=\"has-text-align-center has-medium-font-size\"><\/p>\n\n\n\n<div class=\"wp-block-columns alignwide are-vertically-aligned-top is-layout-flex wp-container-core-columns-is-layout-9d6595d7 wp-block-columns-is-layout-flex\">\n<div class=\"wp-block-column is-layout-flow wp-block-column-is-layout-flow\">\n<p class=\"has-text-align-center has-text-color has-background\" style=\"color:#1d538c;background-color:#e3e5e8;font-size:24px\"><strong>Actualit\u00e9s<\/strong><br><strong>de la la\u00efcit\u00e9<\/strong><\/p>\n\n\n<ul class=\"wp-block-latest-posts__list has-dates wp-block-latest-posts\"><li><a class=\"wp-block-latest-posts__post-title\" href=\"https:\/\/unitelaique.org\/index.php\/2026\/08\/31\/1-conference-marc-bloch-historien-et-resistant\/\">#1 Conf\u00e9rence : Marc Bloch, historien et r\u00e9sistant<\/a><time datetime=\"2026-08-31T15:20:43+02:00\" class=\"wp-block-latest-posts__post-date\">31 ao\u00fbt 2026<\/time><\/li>\n<li><a class=\"wp-block-latest-posts__post-title\" href=\"https:\/\/unitelaique.org\/index.php\/2026\/08\/31\/2-theatre-manouchian-cet-apres-midi-a-15-heures\/\">#2 Th\u00e9\u00e2tre : Manouchian. Cet apr\u00e8s-midi \u00e0 15 heures.<\/a><time datetime=\"2026-08-31T15:15:57+02:00\" class=\"wp-block-latest-posts__post-date\">31 ao\u00fbt 2026<\/time><\/li>\n<li><a class=\"wp-block-latest-posts__post-title\" href=\"https:\/\/unitelaique.org\/index.php\/2026\/08\/31\/3-conference-lumieres-et-anti-lumieres-en-iran-un-siecle-de-luttes-politiques\/\">#3 Conf\u00e9rence : Lumi\u00e8res et anti-lumi\u00e8res en Iran. Un si\u00e8cle de luttes politiques.<\/a><time datetime=\"2026-08-31T15:10:54+02:00\" class=\"wp-block-latest-posts__post-date\">31 ao\u00fbt 2026<\/time><\/li>\n<li><a class=\"wp-block-latest-posts__post-title\" href=\"https:\/\/unitelaique.org\/index.php\/2026\/08\/31\/4-cine-debat-labandon-avec-mickaelle-paty\/\">#4 Cin\u00e9-d\u00e9bat : L&rsquo;Abandon avec Micka\u00eblle Paty<\/a><time datetime=\"2026-08-31T15:08:51+02:00\" class=\"wp-block-latest-posts__post-date\">31 ao\u00fbt 2026<\/time><\/li>\n<li><a class=\"wp-block-latest-posts__post-title\" href=\"https:\/\/unitelaique.org\/index.php\/2026\/08\/31\/5-conference-recit-republicain-ou-roman-national-reflexions-sur-lhistoire-de-la-republique\/\">#5 Conf\u00e9rence : R\u00e9cit r\u00e9publicain ou roman national? R\u00e9flexions sur l&rsquo;histoire de la R\u00e9publique.<\/a><time datetime=\"2026-08-31T14:59:36+02:00\" class=\"wp-block-latest-posts__post-date\">31 ao\u00fbt 2026<\/time><\/li>\n<li><a class=\"wp-block-latest-posts__post-title\" href=\"https:\/\/unitelaique.org\/index.php\/2026\/07\/20\/unite-laique-au-forum-des-associations-de-valence\/\">Unit\u00e9 La\u00efque au Forum des associations de Valence<\/a><time datetime=\"2026-07-20T15:50:57+02:00\" class=\"wp-block-latest-posts__post-date\">20 juillet 2026<\/time><\/li>\n<li><a class=\"wp-block-latest-posts__post-title\" href=\"https:\/\/unitelaique.org\/index.php\/2026\/06\/30\/que-vive-le-chevalier-de-la-barre-260-ans-apres-son-execution\/\">Que vive le Chevalier de La Barre ! 260 ans apr\u00e8s son ex\u00e9cution<\/a><time datetime=\"2026-06-30T09:27:47+02:00\" class=\"wp-block-latest-posts__post-date\">30 juin 2026<\/time><\/li>\n<li><a class=\"wp-block-latest-posts__post-title\" href=\"https:\/\/unitelaique.org\/index.php\/2026\/06\/24\/faire-lhistoire-de-la-republique-faire-de-lhistoire-en-republique\/\">Faire l&rsquo;Histoire de la R\u00e9publique \u2014 Faire de l&rsquo;Histoire en R\u00e9publique<\/a><time datetime=\"2026-06-24T17:38:30+02:00\" class=\"wp-block-latest-posts__post-date\">24 juin 2026<\/time><\/li>\n<\/ul><\/div>\n\n\n\n<div class=\"wp-block-column is-vertically-aligned-top is-layout-flow wp-block-column-is-layout-flow\">\n<p class=\"has-text-align-center has-text-color has-background\" style=\"color:#1d558c;background-color:#e3e5e9;font-size:24px\"><strong> Derniers articles <\/strong><br><strong>publi\u00e9s sur le site<br>d&rsquo;Unit\u00e9 La\u00efque <\/strong><\/p>\n\n\n<ul class=\"wp-block-latest-posts__list has-dates wp-block-latest-posts\"><li><a class=\"wp-block-latest-posts__post-title\" href=\"https:\/\/unitelaique.org\/index.php\/2026\/09\/04\/soutien-a-guillaume-trichard-la-haine-antimaconnique-ne-fera-pas-taire-la-republique\/\">Soutien \u00e0 Guillaume Trichard\u00a0: la haine antima\u00e7onnique ne fera pas taire la R\u00e9publique\u00a0!<\/a><time datetime=\"2026-09-04T09:28:11+02:00\" class=\"wp-block-latest-posts__post-date\">4 septembre 2026<\/time><\/li>\n<li><a class=\"wp-block-latest-posts__post-title\" href=\"https:\/\/unitelaique.org\/index.php\/2026\/08\/31\/1-conference-marc-bloch-historien-et-resistant\/\">#1 Conf\u00e9rence : Marc Bloch, historien et r\u00e9sistant<\/a><time datetime=\"2026-08-31T15:20:43+02:00\" class=\"wp-block-latest-posts__post-date\">31 ao\u00fbt 2026<\/time><\/li>\n<li><a class=\"wp-block-latest-posts__post-title\" href=\"https:\/\/unitelaique.org\/index.php\/2026\/08\/31\/2-theatre-manouchian-cet-apres-midi-a-15-heures\/\">#2 Th\u00e9\u00e2tre : Manouchian. Cet apr\u00e8s-midi \u00e0 15 heures.<\/a><time datetime=\"2026-08-31T15:15:57+02:00\" class=\"wp-block-latest-posts__post-date\">31 ao\u00fbt 2026<\/time><\/li>\n<li><a class=\"wp-block-latest-posts__post-title\" href=\"https:\/\/unitelaique.org\/index.php\/2026\/08\/31\/3-conference-lumieres-et-anti-lumieres-en-iran-un-siecle-de-luttes-politiques\/\">#3 Conf\u00e9rence : Lumi\u00e8res et anti-lumi\u00e8res en Iran. Un si\u00e8cle de luttes politiques.<\/a><time datetime=\"2026-08-31T15:10:54+02:00\" class=\"wp-block-latest-posts__post-date\">31 ao\u00fbt 2026<\/time><\/li>\n<li><a class=\"wp-block-latest-posts__post-title\" href=\"https:\/\/unitelaique.org\/index.php\/2026\/08\/31\/4-cine-debat-labandon-avec-mickaelle-paty\/\">#4 Cin\u00e9-d\u00e9bat : L&rsquo;Abandon avec Micka\u00eblle Paty<\/a><time datetime=\"2026-08-31T15:08:51+02:00\" class=\"wp-block-latest-posts__post-date\">31 ao\u00fbt 2026<\/time><\/li>\n<li><a class=\"wp-block-latest-posts__post-title\" href=\"https:\/\/unitelaique.org\/index.php\/2026\/08\/31\/5-conference-recit-republicain-ou-roman-national-reflexions-sur-lhistoire-de-la-republique\/\">#5 Conf\u00e9rence : R\u00e9cit r\u00e9publicain ou roman national? R\u00e9flexions sur l&rsquo;histoire de la R\u00e9publique.<\/a><time datetime=\"2026-08-31T14:59:36+02:00\" class=\"wp-block-latest-posts__post-date\">31 ao\u00fbt 2026<\/time><\/li>\n<li><a class=\"wp-block-latest-posts__post-title\" href=\"https:\/\/unitelaique.org\/index.php\/2026\/08\/18\/cinq-de-pouvoir-taliban-on-tue-des-femmes\/\">Cinq ans de pouvoir taliban : on tue des femmes !<\/a><time datetime=\"2026-08-18T13:40:02+02:00\" class=\"wp-block-latest-posts__post-date\">18 ao\u00fbt 2026<\/time><\/li>\n<li><a class=\"wp-block-latest-posts__post-title\" href=\"https:\/\/unitelaique.org\/index.php\/2026\/07\/21\/soutien-a-barbara-butch-menacee-dans-sa-liberte-dartiste\/\">Soutien \u00e0 Barbara Butch, menac\u00e9e dans sa libert\u00e9 d&rsquo;artiste<\/a><time datetime=\"2026-07-21T14:43:00+02:00\" class=\"wp-block-latest-posts__post-date\">21 juillet 2026<\/time><\/li>\n<li><a class=\"wp-block-latest-posts__post-title\" href=\"https:\/\/unitelaique.org\/index.php\/2026\/07\/20\/unite-laique-au-forum-des-associations-de-valence\/\">Unit\u00e9 La\u00efque au Forum des associations de Valence<\/a><time datetime=\"2026-07-20T15:50:57+02:00\" class=\"wp-block-latest-posts__post-date\">20 juillet 2026<\/time><\/li>\n<\/ul><\/div>\n<\/div>\n\n\n\n<div class=\"wp-block-columns is-layout-flex wp-container-core-columns-is-layout-9d6595d7 wp-block-columns-is-layout-flex\">\n<div class=\"wp-block-column is-layout-flow wp-block-column-is-layout-flow\">\n<figure class=\"wp-block-embed is-type-rich is-provider-x wp-block-embed-x\"><div class=\"wp-block-embed__wrapper\">\n<a class=\"twitter-timeline\" data-width=\"1170\" data-height=\"1000\" data-dnt=\"true\" href=\"https:\/\/x.com\/unitelaique?ref_src=twsrc%5Etfw\">Posts by unitelaique<\/a><script async src=\"https:\/\/platform.x.com\/widgets.js\" charset=\"utf-8\"><\/script>\n<\/div><\/figure>\n<\/div>\n<\/div>\n","protected":false},"excerpt":{"rendered":"<p>Les prochains rendez-vous Unit\u00e9 La\u00efque Faire l\u2019Histoire de la R\u00e9publique &#8211; Faire de l\u2019Histoire en R\u00e9publique Unit\u00e9 La\u00efque au Forum des associations de Valence Comm\u00e9moration du 6\u00e8me anniversaire de l&rsquo;assassinat de Samuel Paty Soir\u00e9e cin\u00e9-d\u00e9bat autours du film \u00ab\u00a0L&rsquo;abandon\u00a0\u00bb en pr\u00e9sence de Micka\u00eblle Paty. Jeudi 15 octobre 2026, Paris Que vive le Chevalier de La [&hellip;]<\/p>\n","protected":false},"author":7,"featured_media":0,"parent":0,"menu_order":0,"comment_status":"closed","ping_status":"closed","template":"","meta":{"footnotes":""},"class_list":["post-5","page","type-page","status-publish","hentry"],"_links":{"self":[{"href":"https:\/\/unitelaique.org\/index.php\/wp-json\/wp\/v2\/pages\/5","targetHints":{"allow":["GET"]}}],"collection":[{"href":"https:\/\/unitelaique.org\/index.php\/wp-json\/wp\/v2\/pages"}],"about":[{"href":"https:\/\/unitelaique.org\/index.php\/wp-json\/wp\/v2\/types\/page"}],"author":[{"embeddable":true,"href":"https:\/\/unitelaique.org\/index.php\/wp-json\/wp\/v2\/users\/7"}],"replies":[{"embeddable":true,"href":"https:\/\/unitelaique.org\/index.php\/wp-json\/wp\/v2\/comments?post=5"}],"version-history":[{"count":1959,"href":"https:\/\/unitelaique.org\/index.php\/wp-json\/wp\/v2\/pages\/5\/revisions"}],"predecessor-version":[{"id":10963,"href":"https:\/\/unitelaique.org\/index.php\/wp-json\/wp\/v2\/pages\/5\/revisions\/10963"}],"wp:attachment":[{"href":"https:\/\/unitelaique.org\/index.php\/wp-json\/wp\/v2\/media?parent=5"}],"curies":[{"name":"wp","href":"https:\/\/api.w.org\/{rel}","templated":true}]}}